{"id":1242,"date":"2020-01-28T09:38:59","date_gmt":"2020-01-28T08:38:59","guid":{"rendered":"http:\/\/renafer.cd\/?page_id=52"},"modified":"2022-03-08T00:57:15","modified_gmt":"2022-03-07T23:57:15","slug":"objectifs","status":"publish","type":"page","link":"https:\/\/renafer.cd\/index.php\/objectifs\/","title":{"rendered":"Objectifs"},"content":{"rendered":"<p>[vc_row][vc_column][vc_column_text]<\/p>\r\n\r\n<p style=\"text-align: left;\">Le <strong>RENAFER-RDC<\/strong> a pour mission de mettre en place un cadre de rencontre, d\u2019information, de r\u00e9seautage, de renforcement des capacit\u00e9s, d\u2019entreprenariat et de partage d\u2019exp\u00e9riences entre les associations des femmes rurales \u00e0 travers toute la R\u00e9publique.<\/p>\r\n<p>A ce titre, le <strong>RENAFER-RDC<\/strong> a pour objet social\u00a0d\u2019unir les femmes rurales en un cadre d\u2019\u00e9change \u00e9conomique et institutionnel\u00a0 pour leur autonomisation.<\/p>\r\n<p>Les objectifs\u00a0sp\u00e9cifiques\u00a0du <strong>RENAFER-RDC<\/strong> sont notamment:<\/p>\r\n<ol>\r\n<li style=\"list-style-type: none;\">\r\n<ol>\r\n<li>de promouvoir le d\u00e9veloppement d\u2019un \u00e9cosyst\u00e8me \u00e9conomique au niveau rural,<\/li>\r\n<li>de regrouper les femmes rurales dans le r\u00e9seau selon les fili\u00e8res porteuses,<\/li>\r\n<li>de promouvoir le d\u00e9veloppement de la femme rurale \u00e0 travers l\u2019information et la formation\u00a0 sur les notions et bonnes pratiques de l\u2019agriculture pour lutter contre le changement climatique.<\/li>\r\n<\/ol>\r\n<\/li>\r\n<\/ol>\r\n<p><strong>\u00a0<\/strong><\/p>\r\n<p>[\/vc_column_text][\/vc_column][\/vc_row][vc_row][vc_column][vc_hoverbox image=\u00a0\u00bb1278&Prime; primary_title=\u00a0\u00bbTravail- Autonomisation-D\u00e9veloppement \u00a0\u00bb primary_title_font_container=\u00a0\u00bbcolor:%2359d600&Prime; primary_title_google_fonts=\u00a0\u00bbfont_family:Annie%20Use%20Your%20Telescope%3Aregular|font_style:400%20regular%3A400%3Anormal\u00a0\u00bb hover_title=\u00a0\u00bbDEVISE\u00a0\u00bb hover_title_font_container=\u00a0\u00bbcolor:%2381d742&Prime; use_custom_fonts_primary_title=\u00a0\u00bbtrue\u00a0\u00bb use_custom_fonts_hover_title=\u00a0\u00bbtrue\u00a0\u00bb]<\/p>\r\n<p style=\"text-align: center;\">Travail- Autonomisation-D\u00e9veloppement<\/p>\r\n<p>[\/vc_hoverbox][\/vc_column][\/vc_row]<\/p>","protected":false},"excerpt":{"rendered":"<p>[vc_row][vc_column][vc_column_text] Le RENAFER-RDC a pour mission de mettre en place un cadre de rencontre, d\u2019information, de r\u00e9seautage, de renforcement des capacit\u00e9s, d\u2019entreprenariat et de partage d\u2019exp\u00e9riences entre les associations des femmes rurales \u00e0 travers toute la R\u00e9publique. A ce&hellip;<\/p>\n","protected":false},"author":1,"featured_media":0,"parent":0,"menu_order":0,"comment_status":"closed","ping_status":"closed","template":"","meta":[],"_links":{"self":[{"href":"https:\/\/renafer.cd\/index.php\/wp-json\/wp\/v2\/pages\/1242"}],"collection":[{"href":"https:\/\/renafer.cd\/index.php\/wp-json\/wp\/v2\/pages"}],"about":[{"href":"https:\/\/renafer.cd\/index.php\/wp-json\/wp\/v2\/types\/page"}],"author":[{"embeddable":true,"href":"https:\/\/renafer.cd\/index.php\/wp-json\/wp\/v2\/users\/1"}],"replies":[{"embeddable":true,"href":"https:\/\/renafer.cd\/index.php\/wp-json\/wp\/v2\/comments?post=1242"}],"version-history":[{"count":3,"href":"https:\/\/renafer.cd\/index.php\/wp-json\/wp\/v2\/pages\/1242\/revisions"}],"predecessor-version":[{"id":1751,"href":"https:\/\/renafer.cd\/index.php\/wp-json\/wp\/v2\/pages\/1242\/revisions\/1751"}],"wp:attachment":[{"href":"https:\/\/renafer.cd\/index.php\/wp-json\/wp\/v2\/media?parent=1242"}],"curies":[{"name":"wp","href":"https:\/\/api.w.org\/{rel}","templated":true}]}}